{"version":"1.0","provider_name":"Portatax","provider_url":"https:\/\/www.portatax.cl\/mineria","author_name":"Marjorie","author_url":"https:\/\/www.portatax.cl\/mineria\/author\/marjorie\/","title":"Oficio N\u00b03147 (26.05.1981) - Portatax","type":"rich","width":600,"height":338,"html":"<blockquote class=\"wp-embedded-content\" data-secret=\"3FS2LwvUlq\"><a href=\"https:\/\/www.portatax.cl\/mineria\/2021\/04\/16\/oficio-n3147-26-05-1981-2\/\">Oficio N\u00b03147 (26.05.1981)<\/a><\/blockquote><iframe sandbox=\"allow-scripts\" security=\"restricted\" src=\"https:\/\/www.portatax.cl\/mineria\/2021\/04\/16\/oficio-n3147-26-05-1981-2\/embed\/#?secret=3FS2LwvUlq\" width=\"600\" height=\"338\" title=\"\u00abOficio N\u00b03147 (26.05.1981)\u00bb \u2014 Portatax\" data-secret=\"3FS2LwvUlq\" frameborder=\"0\" marginwidth=\"0\" marginheight=\"0\" scrolling=\"no\" class=\"wp-embedded-content\"><\/iframe><script>\n\/*! This file is auto-generated *\/\n!function(d,l){\"use strict\";l.querySelector&&d.addEventListener&&\"undefined\"!=typeof URL&&(d.wp=d.wp||{},d.wp.receiveEmbedMessage||(d.wp.receiveEmbedMessage=function(e){var t=e.data;if((t||t.secret||t.message||t.value)&&!\/[^a-zA-Z0-9]\/.test(t.secret)){for(var s,r,n,a=l.querySelectorAll('iframe[data-secret=\"'+t.secret+'\"]'),o=l.querySelectorAll('blockquote[data-secret=\"'+t.secret+'\"]'),c=new RegExp(\"^https?:$\",\"i\"),i=0;i<o.length;i++)o[i].style.display=\"none\";for(i=0;i<a.length;i++)s=a[i],e.source===s.contentWindow&&(s.removeAttribute(\"style\"),\"height\"===t.message?(1e3<(r=parseInt(t.value,10))?r=1e3:~~r<200&&(r=200),s.height=r):\"link\"===t.message&&(r=new URL(s.getAttribute(\"src\")),n=new URL(t.value),c.test(n.protocol))&&n.host===r.host&&l.activeElement===s&&(d.top.location.href=t.value))}},d.addEventListener(\"message\",d.wp.receiveEmbedMessage,!1),l.addEventListener(\"DOMContentLoaded\",function(){for(var e,t,s=l.querySelectorAll(\"iframe.wp-embedded-content\"),r=0;r<s.length;r++)(t=(e=s[r]).getAttribute(\"data-secret\"))||(t=Math.random().toString(36).substring(2,12),e.src+=\"#?secret=\"+t,e.setAttribute(\"data-secret\",t)),e.contentWindow.postMessage({message:\"ready\",secret:t},\"*\")},!1)))}(window,document);\n\/\/# sourceURL=https:\/\/www.portatax.cl\/mineria\/wp-includes\/js\/wp-embed.min.js\n<\/script>\n","thumbnail_url":"https:\/\/www.portatax.cl\/mineria\/wp-content\/uploads\/2021\/04\/mina-48.jpeg","thumbnail_width":1920,"thumbnail_height":1080,"description":"Peque\u00f1os mineros artesanales no tienen derecho a cr\u00e9dito por gastos de capacitaci\u00f3n, pero s\u00ed tienen derecho a tal franquicia los mineros de mediana importancia (Cr\u00e9dito Sence). Se solicita al SII un pronunciamiento sobre la forma en que debe operar el cr\u00e9dito por concepto de gastos de capacitaci\u00f3n, establecido en el DL N\u00b01446 de 1976, en &hellip;  Leer m\u00e1s &raquo;"}