{"id":4274,"date":"2023-10-24T14:32:55","date_gmt":"2023-10-24T18:32:55","guid":{"rendered":"https:\/\/www.portatax.cl\/mineria\/?page_id=4274"},"modified":"2023-12-06T15:47:14","modified_gmt":"2023-12-06T19:47:14","slug":"mayor-valor-pertenencia-minera-art-17-no8-letra-c-i-n-r","status":"publish","type":"page","link":"https:\/\/www.portatax.cl\/mineria\/mayor-valor-pertenencia-minera-art-17-no8-letra-c-i-n-r\/","title":{"rendered":"Mayor valor pertenencia minera (Art. 17 N\u00ba8 letra c) I.N.R.)"},"content":{"rendered":"\t\t<div data-elementor-type=\"wp-post\" data-elementor-id=\"4274\" class=\"elementor elementor-4274\" data-elementor-settings=\"[]\">\n\t\t\t\t\t\t<div class=\"elementor-inner\">\n\t\t\t\t\t\t\t<div class=\"elementor-section-wrap\">\n\t\t\t\t\t\t\t<section class=\"elementor-section elementor-top-section elementor-element elementor-element-6449162 elementor-section-boxed elementor-section-height-default elementor-section-height-default\" data-id=\"6449162\" data-element_type=\"section\" data-settings=\"{&quot;background_background&quot;:&quot;classic&quot;}\">\n\t\t\t\t\t\t\t<div class=\"elementor-background-overlay\"><\/div>\n\t\t\t\t\t\t\t<div class=\"elementor-container elementor-column-gap-no\">\n\t\t\t\t\t\t\t<div class=\"elementor-row\">\n\t\t\t\t\t<div class=\"elementor-column elementor-col-100 elementor-top-column elementor-element elementor-element-196a9b4\" data-id=\"196a9b4\" data-element_type=\"column\">\n\t\t\t<div class=\"elementor-column-wrap elementor-element-populated\">\n\t\t\t\t\t\t\t<div class=\"elementor-widget-wrap\">\n\t\t\t\t\t\t<div class=\"elementor-element elementor-element-af3f1fa elementor-widget elementor-widget-heading\" data-id=\"af3f1fa\" data-element_type=\"widget\" data-widget_type=\"heading.default\">\n\t\t\t\t<div class=\"elementor-widget-container\">\n\t\t\t<h1 class=\"elementor-heading-title elementor-size-default\">Mayor valor pertenencia minera (Art. 17 N\u00ba8 letra c) I.N.R.)<\/h1>\t\t<\/div>\n\t\t\t\t<\/div>\n\t\t\t\t<div class=\"elementor-element elementor-element-1a64a15 elementor-widget-divider--view-line elementor-widget elementor-widget-divider\" data-id=\"1a64a15\" data-element_type=\"widget\" data-widget_type=\"divider.default\">\n\t\t\t\t<div class=\"elementor-widget-container\">\n\t\t\t\t\t<div class=\"elementor-divider\">\n\t\t\t<span class=\"elementor-divider-separator\">\n\t\t\t\t\t\t<\/span>\n\t\t<\/div>\n\t\t\t\t<\/div>\n\t\t\t\t<\/div>\n\t\t\t\t\t\t<\/div>\n\t\t\t\t\t<\/div>\n\t\t<\/div>\n\t\t\t\t\t\t\t\t<\/div>\n\t\t\t\t\t<\/div>\n\t\t<\/section>\n\t\t\t\t<section class=\"elementor-section elementor-top-section elementor-element elementor-element-9f49669 elementor-section-content-top elementor-section-boxed elementor-section-height-default elementor-section-height-default\" data-id=\"9f49669\" data-element_type=\"section\" data-settings=\"{&quot;background_background&quot;:&quot;classic&quot;}\">\n\t\t\t\t\t\t<div class=\"elementor-container elementor-column-gap-no\">\n\t\t\t\t\t\t\t<div class=\"elementor-row\">\n\t\t\t\t\t<div class=\"elementor-column elementor-col-100 elementor-top-column elementor-element elementor-element-3ae3a04\" data-id=\"3ae3a04\" data-element_type=\"column\">\n\t\t\t<div class=\"elementor-column-wrap elementor-element-populated\">\n\t\t\t\t\t\t\t<div class=\"elementor-widget-wrap\">\n\t\t\t\t\t\t<section class=\"elementor-section elementor-inner-section elementor-element elementor-element-5b23fff elementor-section-content-bottom elementor-section-boxed elementor-section-height-default elementor-section-height-default\" data-id=\"5b23fff\" data-element_type=\"section\">\n\t\t\t\t\t\t<div class=\"elementor-container elementor-column-gap-no\">\n\t\t\t\t\t\t\t<div class=\"elementor-row\">\n\t\t\t\t\t<div class=\"elementor-column elementor-col-66 elementor-inner-column elementor-element elementor-element-5fab7b8\" data-id=\"5fab7b8\" data-element_type=\"column\">\n\t\t\t<div class=\"elementor-column-wrap elementor-element-populated\">\n\t\t\t\t\t\t\t<div class=\"elementor-widget-wrap\">\n\t\t\t\t\t\t<div class=\"elementor-element elementor-element-bc3b665 elementor-widget elementor-widget-text-editor\" data-id=\"bc3b665\" data-element_type=\"widget\" data-widget_type=\"text-editor.default\">\n\t\t\t\t<div class=\"elementor-widget-container\">\n\t\t\t\t\t\t\t\t<div class=\"elementor-text-editor elementor-clearfix\">\n\t\t\t\t<p>\u201cEsta secci\u00f3n contiene una recopilaci\u00f3n hist\u00f3rica de las principales instrucciones del Servicio de Impuestos Internos de Chile, en materia de tributaci\u00f3n minera, por lo cual, si bien la mayor\u00eda de las disposiciones que se mencionan se refieren a normas actualmente vigentes, tambi\u00e9n pueden aparecer algunas disposiciones que han sido modificadas o suprimidas pero que mantienen inter\u00e9s para la industria porque el efecto tributario de ciertas operaciones mineras se determinan a la luz de las normas vigentes a la \u00e9poca en que se realizaron. Si desea un an\u00e1lisis espec\u00edfico de las normas aplicables a una determinada operaci\u00f3n minera, no dude en contactarnos.\u201d<\/p>\t\t\t\t\t<\/div>\n\t\t\t\t\t\t<\/div>\n\t\t\t\t<\/div>\n\t\t\t\t<div class=\"elementor-element elementor-element-96f7454 elementor-widget-divider--view-line elementor-widget elementor-widget-divider\" data-id=\"96f7454\" data-element_type=\"widget\" data-widget_type=\"divider.default\">\n\t\t\t\t<div class=\"elementor-widget-container\">\n\t\t\t\t\t<div class=\"elementor-divider\">\n\t\t\t<span class=\"elementor-divider-separator\">\n\t\t\t\t\t\t<\/span>\n\t\t<\/div>\n\t\t\t\t<\/div>\n\t\t\t\t<\/div>\n\t\t\t\t\t\t<\/div>\n\t\t\t\t\t<\/div>\n\t\t<\/div>\n\t\t\t\t<div class=\"elementor-column elementor-col-33 elementor-inner-column elementor-element elementor-element-e204d5c\" data-id=\"e204d5c\" data-element_type=\"column\">\n\t\t\t<div class=\"elementor-column-wrap\">\n\t\t\t\t\t\t\t<div class=\"elementor-widget-wrap\">\n\t\t\t\t\t\t\t\t<\/div>\n\t\t\t\t\t<\/div>\n\t\t<\/div>\n\t\t\t\t\t\t\t\t<\/div>\n\t\t\t\t\t<\/div>\n\t\t<\/section>\n\t\t\t\t\t\t<\/div>\n\t\t\t\t\t<\/div>\n\t\t<\/div>\n\t\t\t\t\t\t\t\t<\/div>\n\t\t\t\t\t<\/div>\n\t\t<\/section>\n\t\t\t\t<section class=\"elementor-section elementor-top-section elementor-element elementor-element-16a3fe2 elementor-section-boxed elementor-section-height-default elementor-section-height-default\" data-id=\"16a3fe2\" data-element_type=\"section\">\n\t\t\t\t\t\t<div class=\"elementor-container elementor-column-gap-default\">\n\t\t\t\t\t\t\t<div class=\"elementor-row\">\n\t\t\t\t\t<div class=\"elementor-column elementor-col-100 elementor-top-column elementor-element elementor-element-c26cf69\" data-id=\"c26cf69\" data-element_type=\"column\">\n\t\t\t<div class=\"elementor-column-wrap elementor-element-populated\">\n\t\t\t\t\t\t\t<div class=\"elementor-widget-wrap\">\n\t\t\t\t\t\t<div class=\"elementor-element elementor-element-70ca7b4 elementor-widget elementor-widget-jkit_post_block\" data-id=\"70ca7b4\" data-element_type=\"widget\" data-widget_type=\"jkit_post_block.default\">\n\t\t\t\t<div class=\"elementor-widget-container\">\n\t\t\t<div  class=\"jeg-elementor-kit jkit-postblock postblock-type-3 jkit-pagination-nextprev post-element jeg_module___69ef1d5b31c7c\"  data-id=\"jeg_module___69ef1d5b31c7c\" data-settings=\"{&quot;post_type&quot;:&quot;post&quot;,&quot;number_post&quot;:{&quot;unit&quot;:&quot;px&quot;,&quot;size&quot;:6,&quot;sizes&quot;:[]},&quot;post_offset&quot;:0,&quot;unique_content&quot;:&quot;disable&quot;,&quot;include_post&quot;:&quot;&quot;,&quot;exclude_post&quot;:&quot;&quot;,&quot;include_category&quot;:&quot;14&quot;,&quot;exclude_category&quot;:&quot;&quot;,&quot;include_author&quot;:&quot;&quot;,&quot;include_tag&quot;:&quot;&quot;,&quot;exclude_tag&quot;:&quot;&quot;,&quot;sort_by&quot;:&quot;latest&quot;,&quot;pagination_mode&quot;:&quot;nextprev&quot;,&quot;pagination_loadmore_text&quot;:&quot;Load More&quot;,&quot;pagination_loading_text&quot;:&quot;Loading...&quot;,&quot;pagination_number_post&quot;:{&quot;unit&quot;:&quot;px&quot;,&quot;size&quot;:3,&quot;sizes&quot;:[]},&quot;pagination_scroll_limit&quot;:0,&quot;pagination_icon&quot;:{&quot;value&quot;:&quot;&quot;,&quot;library&quot;:&quot;&quot;},&quot;pagination_icon_position&quot;:&quot;before&quot;,&quot;st_category_position&quot;:&quot;center&quot;,&quot;sg_content_postblock_type&quot;:&quot;type-3&quot;,&quot;sg_content_element_order&quot;:&quot;title,meta,excerpt,read&quot;,&quot;sg_content_breakpoint&quot;:&quot;tablet&quot;,&quot;sg_content_title_html_tag&quot;:&quot;h3&quot;,&quot;sg_content_category_enable&quot;:&quot;yes&quot;,&quot;sg_content_excerpt_enable&quot;:&quot;yes&quot;,&quot;sg_content_excerpt_length&quot;:{&quot;unit&quot;:&quot;px&quot;,&quot;size&quot;:20,&quot;sizes&quot;:[]},&quot;sg_content_excerpt_more&quot;:&quot;...&quot;,&quot;sg_content_readmore_enable&quot;:&quot;yes&quot;,&quot;sg_content_readmore_icon&quot;:{&quot;value&quot;:&quot;fas fa-arrow-right&quot;,&quot;library&quot;:&quot;fa-solid&quot;},&quot;sg_content_readmore_icon_position&quot;:&quot;after&quot;,&quot;sg_content_readmore_text&quot;:&quot;Leer m\\u00e1s&quot;,&quot;sg_content_comment_enable&quot;:&quot;yes&quot;,&quot;sg_content_comment_icon&quot;:{&quot;value&quot;:&quot;fas fa-comment&quot;,&quot;library&quot;:&quot;fa-solid&quot;},&quot;sg_content_comment_icon_position&quot;:&quot;before&quot;,&quot;sg_content_meta_enable&quot;:&quot;yes&quot;,&quot;sg_content_meta_author_enable&quot;:&quot;&quot;,&quot;sg_content_meta_author_by_text&quot;:&quot;by&quot;,&quot;sg_content_meta_author_icon&quot;:{&quot;value&quot;:&quot;fas fa-user&quot;,&quot;library&quot;:&quot;fa-solid&quot;},&quot;sg_content_meta_author_icon_position&quot;:&quot;before&quot;,&quot;sg_content_meta_date_enable&quot;:&quot;yes&quot;,&quot;sg_content_meta_date_type&quot;:&quot;published&quot;,&quot;sg_content_meta_date_format&quot;:&quot;default&quot;,&quot;sg_content_meta_date_format_custom&quot;:&quot;F j, Y&quot;,&quot;sg_content_meta_date_icon&quot;:{&quot;value&quot;:&quot;fas fa-clock&quot;,&quot;library&quot;:&quot;fa-solid&quot;},&quot;sg_content_meta_date_icon_position&quot;:&quot;before&quot;,&quot;sg_content_image_size_imagesize_size&quot;:&quot;large&quot;,&quot;paged&quot;:1,&quot;class&quot;:&quot;jkit_post_block&quot;}\"><div class=\"jkit-block-container\"><div class=\"jkit-posts jkit-ajax-flag\">\n            <article class=\"jkit-post post-1099 post type-post status-publish format-standard has-post-thumbnail hentry category-mayor-valor-pertenencia-minera-art-17-no8-letra-c-i-n-r\">\n                    <div class=\"jkit-thumb\"><a href=\"https:\/\/www.portatax.cl\/mineria\/2021\/03\/17\/oficio-n2659-19-11-2020\/\"><div class=\"thumbnail-container \">\n            <img loading=\"lazy\" decoding=\"async\" width=\"1024\" height=\"576\" src=\"https:\/\/www.portatax.cl\/mineria\/wp-content\/uploads\/2021\/04\/mina-11-1024x576.jpeg\" class=\"attachment-large size-large wp-post-image\" alt=\"\" srcset=\"https:\/\/www.portatax.cl\/mineria\/wp-content\/uploads\/2021\/04\/mina-11-1024x576.jpeg 1024w, https:\/\/www.portatax.cl\/mineria\/wp-content\/uploads\/2021\/04\/mina-11-300x169.jpeg 300w, https:\/\/www.portatax.cl\/mineria\/wp-content\/uploads\/2021\/04\/mina-11-768x432.jpeg 768w, https:\/\/www.portatax.cl\/mineria\/wp-content\/uploads\/2021\/04\/mina-11-1536x864.jpeg 1536w, https:\/\/www.portatax.cl\/mineria\/wp-content\/uploads\/2021\/04\/mina-11.jpeg 1920w\" sizes=\"auto, (max-width: 1024px) 100vw, 1024px\" \/>\n        <\/div><\/a><div class=\"jkit-post-category position-center\"><span><a href=\"https:\/\/www.portatax.cl\/mineria\/category\/mayor-valor-pertenencia-minera-art-17-no8-letra-c-i-n-r\/\" class=\"category-mayor-valor-pertenencia-minera-art-17-no8-letra-c-i-n-r\">Mayor valor pertenencia minera (Art. 17 N\u00ba8 letra c) I.N.R.)<\/a><\/span><\/div><\/div>\n                    <div class=\"jkit-postblock-content\"><h3 class=\"jkit-post-title\">\n\t\t\t\t\t\t\t<a href=\"https:\/\/www.portatax.cl\/mineria\/2021\/03\/17\/oficio-n2659-19-11-2020\/\">Oficio N\u00b02659 (19.11.2020)<\/a>\n\t\t\t\t\t\t<\/h3><div class=\"jkit-post-meta\"><div class=\"jkit-meta-date icon-position-before\"><i aria-hidden=\"true\" class=\"fas fa-clock\"><\/i>marzo 17, 2021<\/div><\/div><div class=\"jkit-post-excerpt\"><p>Tributaci\u00f3n de enajenaci\u00f3n de una concesi\u00f3n de explotaci\u00f3n minera. Se solicita al Servicio un pronunciamiento para determinar la tributaci\u00f3n de...<\/p><\/div><div class=\"jkit-post-meta-bottom\">\n\t\t\t\t\t\t\t<div class=\"jkit-meta-readmore icon-position-after\">\n                <a href=\"https:\/\/www.portatax.cl\/mineria\/2021\/03\/17\/oficio-n2659-19-11-2020\/\" class=\"jkit-readmore\">Leer m\u00e1s<i aria-hidden=\"true\" class=\"fas fa-arrow-right\"><\/i><\/a>\n            <\/div><div class=\"jkit-meta-comment icon-position-before\">\n                <a href=\"https:\/\/www.portatax.cl\/mineria\/2021\/03\/17\/oficio-n2659-19-11-2020\/#respond\" >\n                    <i aria-hidden=\"true\" class=\"fas fa-comment\"><\/i><span>0<\/span>\n                <\/a>\n            <\/div>\n\t\t\t\t\t\t<\/div><\/div>\n                <\/article><article class=\"jkit-post post-1096 post type-post status-publish format-standard has-post-thumbnail hentry category-mayor-valor-pertenencia-minera-art-17-no8-letra-c-i-n-r\">\n                    <div class=\"jkit-thumb\"><a href=\"https:\/\/www.portatax.cl\/mineria\/2021\/03\/17\/oficio-n2300-10-07-2009-2\/\"><div class=\"thumbnail-container \">\n            <img loading=\"lazy\" decoding=\"async\" width=\"1024\" height=\"576\" src=\"https:\/\/www.portatax.cl\/mineria\/wp-content\/uploads\/2021\/04\/mina-8-1024x576.jpeg\" class=\"attachment-large size-large wp-post-image\" alt=\"\" srcset=\"https:\/\/www.portatax.cl\/mineria\/wp-content\/uploads\/2021\/04\/mina-8-1024x576.jpeg 1024w, https:\/\/www.portatax.cl\/mineria\/wp-content\/uploads\/2021\/04\/mina-8-300x169.jpeg 300w, https:\/\/www.portatax.cl\/mineria\/wp-content\/uploads\/2021\/04\/mina-8-768x432.jpeg 768w, https:\/\/www.portatax.cl\/mineria\/wp-content\/uploads\/2021\/04\/mina-8-1536x864.jpeg 1536w, https:\/\/www.portatax.cl\/mineria\/wp-content\/uploads\/2021\/04\/mina-8.jpeg 1920w\" sizes=\"auto, (max-width: 1024px) 100vw, 1024px\" \/>\n        <\/div><\/a><div class=\"jkit-post-category position-center\"><span><a href=\"https:\/\/www.portatax.cl\/mineria\/category\/mayor-valor-pertenencia-minera-art-17-no8-letra-c-i-n-r\/\" class=\"category-mayor-valor-pertenencia-minera-art-17-no8-letra-c-i-n-r\">Mayor valor pertenencia minera (Art. 17 N\u00ba8 letra c) I.N.R.)<\/a><\/span><\/div><\/div>\n                    <div class=\"jkit-postblock-content\"><h3 class=\"jkit-post-title\">\n\t\t\t\t\t\t\t<a href=\"https:\/\/www.portatax.cl\/mineria\/2021\/03\/17\/oficio-n2300-10-07-2009-2\/\">Oficio N\u00b02300 (10.07.2009)<\/a>\n\t\t\t\t\t\t<\/h3><div class=\"jkit-post-meta\"><div class=\"jkit-meta-date icon-position-before\"><i aria-hidden=\"true\" class=\"fas fa-clock\"><\/i>marzo 17, 2021<\/div><\/div><div class=\"jkit-post-excerpt\"><p>La Ley de Impuesto a la Renta no contempla una norma expresa que autorice a una sociedad legal minera para...<\/p><\/div><div class=\"jkit-post-meta-bottom\">\n\t\t\t\t\t\t\t<div class=\"jkit-meta-readmore icon-position-after\">\n                <a href=\"https:\/\/www.portatax.cl\/mineria\/2021\/03\/17\/oficio-n2300-10-07-2009-2\/\" class=\"jkit-readmore\">Leer m\u00e1s<i aria-hidden=\"true\" class=\"fas fa-arrow-right\"><\/i><\/a>\n            <\/div><div class=\"jkit-meta-comment icon-position-before\">\n                <a href=\"https:\/\/www.portatax.cl\/mineria\/2021\/03\/17\/oficio-n2300-10-07-2009-2\/#respond\" >\n                    <i aria-hidden=\"true\" class=\"fas fa-comment\"><\/i><span>0<\/span>\n                <\/a>\n            <\/div>\n\t\t\t\t\t\t<\/div><\/div>\n                <\/article><article class=\"jkit-post post-1093 post type-post status-publish format-standard has-post-thumbnail hentry category-mayor-valor-pertenencia-minera-art-17-no8-letra-c-i-n-r\">\n                    <div class=\"jkit-thumb\"><a href=\"https:\/\/www.portatax.cl\/mineria\/2021\/03\/17\/oficio-n1767-20-05-2009-2\/\"><div class=\"thumbnail-container \">\n            <img loading=\"lazy\" decoding=\"async\" width=\"1024\" height=\"576\" src=\"https:\/\/www.portatax.cl\/mineria\/wp-content\/uploads\/2021\/04\/mina-3-1024x576.jpeg\" class=\"attachment-large size-large wp-post-image\" alt=\"\" srcset=\"https:\/\/www.portatax.cl\/mineria\/wp-content\/uploads\/2021\/04\/mina-3-1024x576.jpeg 1024w, https:\/\/www.portatax.cl\/mineria\/wp-content\/uploads\/2021\/04\/mina-3-300x169.jpeg 300w, https:\/\/www.portatax.cl\/mineria\/wp-content\/uploads\/2021\/04\/mina-3-768x432.jpeg 768w, https:\/\/www.portatax.cl\/mineria\/wp-content\/uploads\/2021\/04\/mina-3-1536x864.jpeg 1536w, https:\/\/www.portatax.cl\/mineria\/wp-content\/uploads\/2021\/04\/mina-3.jpeg 1920w\" sizes=\"auto, (max-width: 1024px) 100vw, 1024px\" \/>\n        <\/div><\/a><div class=\"jkit-post-category position-center\"><span><a href=\"https:\/\/www.portatax.cl\/mineria\/category\/mayor-valor-pertenencia-minera-art-17-no8-letra-c-i-n-r\/\" class=\"category-mayor-valor-pertenencia-minera-art-17-no8-letra-c-i-n-r\">Mayor valor pertenencia minera (Art. 17 N\u00ba8 letra c) I.N.R.)<\/a><\/span><\/div><\/div>\n                    <div class=\"jkit-postblock-content\"><h3 class=\"jkit-post-title\">\n\t\t\t\t\t\t\t<a href=\"https:\/\/www.portatax.cl\/mineria\/2021\/03\/17\/oficio-n1767-20-05-2009-2\/\">Oficio N\u00b01767 (20.05.2009)<\/a>\n\t\t\t\t\t\t<\/h3><div class=\"jkit-post-meta\"><div class=\"jkit-meta-date icon-position-before\"><i aria-hidden=\"true\" class=\"fas fa-clock\"><\/i>marzo 17, 2021<\/div><\/div><div class=\"jkit-post-excerpt\"><p>Las rentas obtenidas producto de un contrato de opci\u00f3n de compra de concesiones mineras se afectan con el Impuesto de...<\/p><\/div><div class=\"jkit-post-meta-bottom\">\n\t\t\t\t\t\t\t<div class=\"jkit-meta-readmore icon-position-after\">\n                <a href=\"https:\/\/www.portatax.cl\/mineria\/2021\/03\/17\/oficio-n1767-20-05-2009-2\/\" class=\"jkit-readmore\">Leer m\u00e1s<i aria-hidden=\"true\" class=\"fas fa-arrow-right\"><\/i><\/a>\n            <\/div><div class=\"jkit-meta-comment icon-position-before\">\n                <a href=\"https:\/\/www.portatax.cl\/mineria\/2021\/03\/17\/oficio-n1767-20-05-2009-2\/#respond\" >\n                    <i aria-hidden=\"true\" class=\"fas fa-comment\"><\/i><span>0<\/span>\n                <\/a>\n            <\/div>\n\t\t\t\t\t\t<\/div><\/div>\n                <\/article><article class=\"jkit-post post-1090 post type-post status-publish format-standard has-post-thumbnail hentry category-mayor-valor-pertenencia-minera-art-17-no8-letra-c-i-n-r\">\n                    <div class=\"jkit-thumb\"><a href=\"https:\/\/www.portatax.cl\/mineria\/2021\/03\/17\/oficio-n2053-11-07-1995\/\"><div class=\"thumbnail-container \">\n            <img loading=\"lazy\" decoding=\"async\" width=\"1024\" height=\"576\" src=\"https:\/\/www.portatax.cl\/mineria\/wp-content\/uploads\/2021\/04\/mina-7-1024x576.jpeg\" class=\"attachment-large size-large wp-post-image\" alt=\"\" srcset=\"https:\/\/www.portatax.cl\/mineria\/wp-content\/uploads\/2021\/04\/mina-7-1024x576.jpeg 1024w, https:\/\/www.portatax.cl\/mineria\/wp-content\/uploads\/2021\/04\/mina-7-300x169.jpeg 300w, https:\/\/www.portatax.cl\/mineria\/wp-content\/uploads\/2021\/04\/mina-7-768x432.jpeg 768w, https:\/\/www.portatax.cl\/mineria\/wp-content\/uploads\/2021\/04\/mina-7-1536x864.jpeg 1536w, https:\/\/www.portatax.cl\/mineria\/wp-content\/uploads\/2021\/04\/mina-7.jpeg 1920w\" sizes=\"auto, (max-width: 1024px) 100vw, 1024px\" \/>\n        <\/div><\/a><div class=\"jkit-post-category position-center\"><span><a href=\"https:\/\/www.portatax.cl\/mineria\/category\/mayor-valor-pertenencia-minera-art-17-no8-letra-c-i-n-r\/\" class=\"category-mayor-valor-pertenencia-minera-art-17-no8-letra-c-i-n-r\">Mayor valor pertenencia minera (Art. 17 N\u00ba8 letra c) I.N.R.)<\/a><\/span><\/div><\/div>\n                    <div class=\"jkit-postblock-content\"><h3 class=\"jkit-post-title\">\n\t\t\t\t\t\t\t<a href=\"https:\/\/www.portatax.cl\/mineria\/2021\/03\/17\/oficio-n2053-11-07-1995\/\">Oficio N\u00b02053 (11.07.1995)<\/a>\n\t\t\t\t\t\t<\/h3><div class=\"jkit-post-meta\"><div class=\"jkit-meta-date icon-position-before\"><i aria-hidden=\"true\" class=\"fas fa-clock\"><\/i>marzo 17, 2021<\/div><\/div><div class=\"jkit-post-excerpt\"><p>Situaci\u00f3n tributaria de remesa efectuada al exterior por inversionista extranjero, producto de la enajenaci\u00f3n de pertenencias mineras, con pago en...<\/p><\/div><div class=\"jkit-post-meta-bottom\">\n\t\t\t\t\t\t\t<div class=\"jkit-meta-readmore icon-position-after\">\n                <a href=\"https:\/\/www.portatax.cl\/mineria\/2021\/03\/17\/oficio-n2053-11-07-1995\/\" class=\"jkit-readmore\">Leer m\u00e1s<i aria-hidden=\"true\" class=\"fas fa-arrow-right\"><\/i><\/a>\n            <\/div><div class=\"jkit-meta-comment icon-position-before\">\n                <a href=\"https:\/\/www.portatax.cl\/mineria\/2021\/03\/17\/oficio-n2053-11-07-1995\/#respond\" >\n                    <i aria-hidden=\"true\" class=\"fas fa-comment\"><\/i><span>0<\/span>\n                <\/a>\n            <\/div>\n\t\t\t\t\t\t<\/div><\/div>\n                <\/article><article class=\"jkit-post post-1088 post type-post status-publish format-standard has-post-thumbnail hentry category-mayor-valor-pertenencia-minera-art-17-no8-letra-c-i-n-r\">\n                    <div class=\"jkit-thumb\"><a href=\"https:\/\/www.portatax.cl\/mineria\/2021\/03\/17\/oficio-n237-18-01-1993\/\"><div class=\"thumbnail-container \">\n            <img loading=\"lazy\" decoding=\"async\" width=\"1024\" height=\"576\" src=\"https:\/\/www.portatax.cl\/mineria\/wp-content\/uploads\/2021\/04\/mina-2-1024x576.jpeg\" class=\"attachment-large size-large wp-post-image\" alt=\"\" srcset=\"https:\/\/www.portatax.cl\/mineria\/wp-content\/uploads\/2021\/04\/mina-2-1024x576.jpeg 1024w, https:\/\/www.portatax.cl\/mineria\/wp-content\/uploads\/2021\/04\/mina-2-300x169.jpeg 300w, https:\/\/www.portatax.cl\/mineria\/wp-content\/uploads\/2021\/04\/mina-2-768x432.jpeg 768w, https:\/\/www.portatax.cl\/mineria\/wp-content\/uploads\/2021\/04\/mina-2-1536x864.jpeg 1536w, https:\/\/www.portatax.cl\/mineria\/wp-content\/uploads\/2021\/04\/mina-2.jpeg 1920w\" sizes=\"auto, (max-width: 1024px) 100vw, 1024px\" \/>\n        <\/div><\/a><div class=\"jkit-post-category position-center\"><span><a href=\"https:\/\/www.portatax.cl\/mineria\/category\/mayor-valor-pertenencia-minera-art-17-no8-letra-c-i-n-r\/\" class=\"category-mayor-valor-pertenencia-minera-art-17-no8-letra-c-i-n-r\">Mayor valor pertenencia minera (Art. 17 N\u00ba8 letra c) I.N.R.)<\/a><\/span><\/div><\/div>\n                    <div class=\"jkit-postblock-content\"><h3 class=\"jkit-post-title\">\n\t\t\t\t\t\t\t<a href=\"https:\/\/www.portatax.cl\/mineria\/2021\/03\/17\/oficio-n237-18-01-1993\/\">Oficio N\u00b0237 (18.01.1993)<\/a>\n\t\t\t\t\t\t<\/h3><div class=\"jkit-post-meta\"><div class=\"jkit-meta-date icon-position-before\"><i aria-hidden=\"true\" class=\"fas fa-clock\"><\/i>marzo 17, 2021<\/div><\/div><div class=\"jkit-post-excerpt\"><p>Situaci\u00f3n tributaria de aportes de cuotas de condominio sobre predio rural en pago de acciones de sociedad an\u00f3nima cerrada en...<\/p><\/div><div class=\"jkit-post-meta-bottom\">\n\t\t\t\t\t\t\t<div class=\"jkit-meta-readmore icon-position-after\">\n                <a href=\"https:\/\/www.portatax.cl\/mineria\/2021\/03\/17\/oficio-n237-18-01-1993\/\" class=\"jkit-readmore\">Leer m\u00e1s<i aria-hidden=\"true\" class=\"fas fa-arrow-right\"><\/i><\/a>\n            <\/div><div class=\"jkit-meta-comment icon-position-before\">\n                <a href=\"https:\/\/www.portatax.cl\/mineria\/2021\/03\/17\/oficio-n237-18-01-1993\/#respond\" >\n                    <i aria-hidden=\"true\" class=\"fas fa-comment\"><\/i><span>0<\/span>\n                <\/a>\n            <\/div>\n\t\t\t\t\t\t<\/div><\/div>\n                <\/article><article class=\"jkit-post post-1085 post type-post status-publish format-standard has-post-thumbnail hentry category-mayor-valor-pertenencia-minera-art-17-no8-letra-c-i-n-r\">\n                    <div class=\"jkit-thumb\"><a href=\"https:\/\/www.portatax.cl\/mineria\/2021\/03\/17\/oficio-n3449-26-08-1992\/\"><div class=\"thumbnail-container \">\n            <img loading=\"lazy\" decoding=\"async\" width=\"1024\" height=\"576\" src=\"https:\/\/www.portatax.cl\/mineria\/wp-content\/uploads\/2021\/04\/mina-16-1024x576.jpeg\" class=\"attachment-large size-large wp-post-image\" alt=\"\" srcset=\"https:\/\/www.portatax.cl\/mineria\/wp-content\/uploads\/2021\/04\/mina-16-1024x576.jpeg 1024w, https:\/\/www.portatax.cl\/mineria\/wp-content\/uploads\/2021\/04\/mina-16-300x169.jpeg 300w, https:\/\/www.portatax.cl\/mineria\/wp-content\/uploads\/2021\/04\/mina-16-768x432.jpeg 768w, https:\/\/www.portatax.cl\/mineria\/wp-content\/uploads\/2021\/04\/mina-16-1536x864.jpeg 1536w, https:\/\/www.portatax.cl\/mineria\/wp-content\/uploads\/2021\/04\/mina-16.jpeg 1920w\" sizes=\"auto, (max-width: 1024px) 100vw, 1024px\" \/>\n        <\/div><\/a><div class=\"jkit-post-category position-center\"><span><a href=\"https:\/\/www.portatax.cl\/mineria\/category\/mayor-valor-pertenencia-minera-art-17-no8-letra-c-i-n-r\/\" class=\"category-mayor-valor-pertenencia-minera-art-17-no8-letra-c-i-n-r\">Mayor valor pertenencia minera (Art. 17 N\u00ba8 letra c) I.N.R.)<\/a><\/span><\/div><\/div>\n                    <div class=\"jkit-postblock-content\"><h3 class=\"jkit-post-title\">\n\t\t\t\t\t\t\t<a href=\"https:\/\/www.portatax.cl\/mineria\/2021\/03\/17\/oficio-n3449-26-08-1992\/\">Oficio N\u00b03449 (26.08.1992)<\/a>\n\t\t\t\t\t\t<\/h3><div class=\"jkit-post-meta\"><div class=\"jkit-meta-date icon-position-before\"><i aria-hidden=\"true\" class=\"fas fa-clock\"><\/i>marzo 17, 2021<\/div><\/div><div class=\"jkit-post-excerpt\"><p>Situaci\u00f3n tributaria de la enajenaci\u00f3n de concesiones mineras de exploraci\u00f3n y explotaci\u00f3n. Un contribuyente solicita al Servicio de Impuestos Internos...<\/p><\/div><div class=\"jkit-post-meta-bottom\">\n\t\t\t\t\t\t\t<div class=\"jkit-meta-readmore icon-position-after\">\n                <a href=\"https:\/\/www.portatax.cl\/mineria\/2021\/03\/17\/oficio-n3449-26-08-1992\/\" class=\"jkit-readmore\">Leer m\u00e1s<i aria-hidden=\"true\" class=\"fas fa-arrow-right\"><\/i><\/a>\n            <\/div><div class=\"jkit-meta-comment icon-position-before\">\n                <a href=\"https:\/\/www.portatax.cl\/mineria\/2021\/03\/17\/oficio-n3449-26-08-1992\/#respond\" >\n                    <i aria-hidden=\"true\" class=\"fas fa-comment\"><\/i><span>0<\/span>\n                <\/a>\n            <\/div>\n\t\t\t\t\t\t<\/div><\/div>\n                <\/article>\n        <\/div><div class=\"jkit-preloader-overlay\">\n\t\t\t\t\t<div class=\"jkit-preloader-type jkit-preloader-dot\">\n\t\t\t\t\t\t<div class=\"jkit-preloader\">\n\t\t\t\t\t\t\t<span><\/span><span><\/span><span><\/span>\n\t\t\t\t\t\t<\/div>\n\t\t\t\t\t<\/div>\n\t\t\t\t<\/div><\/div><div class=\"jkit-block-pagination jkit-align\"><div class=\"jkit-pagination-button jkit-block-nextprev jkit-nextprev-normal\">\n\t\t\t\t\t\t<a href=\"#\" class=\"prev disabled\" title=\"Previous\"><i aria-hidden=\"true\" class=\"jki jki-angle-left-solid\"><\/i><\/a>\n\t\t\t\t\t\t<a href=\"#\" class=\"next \" title=\"Next\"><i aria-hidden=\"true\" class=\"jki jki-angle-right-solid\"><\/i><\/a>\n\t\t\t\t\t<\/div><\/div><\/div>\t\t<\/div>\n\t\t\t\t<\/div>\n\t\t\t\t\t\t<\/div>\n\t\t\t\t\t<\/div>\n\t\t<\/div>\n\t\t\t\t\t\t\t\t<\/div>\n\t\t\t\t\t<\/div>\n\t\t<\/section>\n\t\t\t\t\t\t<\/div>\n\t\t\t\t\t\t<\/div>\n\t\t\t\t\t<\/div>\n\t\t","protected":false},"excerpt":{"rendered":"<p>Mayor valor pertenencia minera (Art. 17 N\u00ba8 letra c) I.N.R.) \u201cEsta secci\u00f3n contiene una recopilaci\u00f3n hist\u00f3rica de las principales instrucciones del Servicio de Impuestos Internos de Chile, en materia de tributaci\u00f3n minera, por lo cual, si bien la mayor\u00eda de las disposiciones que se mencionan se refieren a normas actualmente vigentes, tambi\u00e9n pueden aparecer algunas &hellip;<\/p>\n<p class=\"read-more\"> <a class=\"\" href=\"https:\/\/www.portatax.cl\/mineria\/mayor-valor-pertenencia-minera-art-17-no8-letra-c-i-n-r\/\"> <span class=\"screen-reader-text\">Mayor valor pertenencia minera (Art. 17 N\u00ba8 letra c) I.N.R.)<\/span> Leer m\u00e1s &raquo;<\/a><\/p>\n","protected":false},"author":2,"featured_media":0,"parent":0,"menu_order":0,"comment_status":"closed","ping_status":"closed","template":"","meta":{"om_disable_all_campaigns":false,"_monsterinsights_skip_tracking":false,"_monsterinsights_sitenote_active":false,"_monsterinsights_sitenote_note":"","_monsterinsights_sitenote_category":0,"_uf_show_specific_survey":0,"_uf_disable_surveys":false,"site-sidebar-layout":"no-sidebar","site-content-layout":"page-builder","ast-site-content-layout":"full-width-container","site-content-style":"unboxed","site-sidebar-style":"unboxed","ast-global-header-display":"","ast-banner-title-visibility":"","ast-main-header-display":"","ast-hfb-above-header-display":"","ast-hfb-below-header-display":"","ast-hfb-mobile-header-display":"","site-post-title":"disabled","ast-breadcrumbs-content":"disabled","ast-featured-img":"disabled","footer-sml-layout":"","theme-transparent-header-meta":"enabled","adv-header-id-meta":"","stick-header-meta":"","header-above-stick-meta":"","header-main-stick-meta":"","header-below-stick-meta":"","astra-migrate-meta-layouts":"set","ast-page-background-enabled":"default","ast-page-background-meta":{"desktop":{"background-color":"","background-image":"","background-repeat":"repeat","background-position":"center center","background-size":"auto","background-attachment":"scroll","background-type":"","background-media":"","overlay-type":"","overlay-color":"","overlay-gradient":""},"tablet":{"background-color":"","background-image":"","background-repeat":"repeat","background-position":"center center","background-size":"auto","background-attachment":"scroll","background-type":"","background-media":"","overlay-type":"","overlay-color":"","overlay-gradient":""},"mobile":{"background-color":"","background-image":"","background-repeat":"repeat","background-position":"center center","background-size":"auto","background-attachment":"scroll","background-type":"","background-media":"","overlay-type":"","overlay-color":"","overlay-gradient":""}},"ast-content-background-meta":{"desktop":{"background-color":"var(--ast-global-color-5)","background-image":"","background-repeat":"repeat","background-position":"center center","background-size":"auto","background-attachment":"scroll","background-type":"","background-media":"","overlay-type":"","overlay-color":"","overlay-gradient":""},"tablet":{"background-color":"var(--ast-global-color-5)","background-image":"","background-repeat":"repeat","background-position":"center center","background-size":"auto","background-attachment":"scroll","background-type":"","background-media":"","overlay-type":"","overlay-color":"","overlay-gradient":""},"mobile":{"background-color":"var(--ast-global-color-5)","background-image":"","background-repeat":"repeat","background-position":"center center","background-size":"auto","background-attachment":"scroll","background-type":"","background-media":"","overlay-type":"","overlay-color":"","overlay-gradient":""}},"footnotes":""},"class_list":["post-4274","page","type-page","status-publish","hentry"],"aioseo_notices":[],"yoast_head":"<!-- This site is optimized with the Yoast SEO plugin v21.5 - https:\/\/yoast.com\/wordpress\/plugins\/seo\/ -->\n<title>Mayor valor pertenencia minera (Art. 17 N\u00ba8 letra c) I.N.R.) - Portatax<\/title>\n<meta name=\"robots\" content=\"index, follow, max-snippet:-1, max-image-preview:large, max-video-preview:-1\" \/>\n<link rel=\"canonical\" href=\"https:\/\/www.portatax.cl\/mineria\/mayor-valor-pertenencia-minera-art-17-no8-letra-c-i-n-r\/\" \/>\n<meta property=\"og:locale\" content=\"es_ES\" \/>\n<meta property=\"og:type\" content=\"article\" \/>\n<meta property=\"og:title\" content=\"Mayor valor pertenencia minera (Art. 17 N\u00ba8 letra c) I.N.R.) - Portatax\" \/>\n<meta property=\"og:description\" content=\"Mayor valor pertenencia minera (Art. 17 N\u00ba8 letra c) I.N.R.) \u201cEsta secci\u00f3n contiene una recopilaci\u00f3n hist\u00f3rica de las principales instrucciones del Servicio de Impuestos Internos de Chile, en materia de tributaci\u00f3n minera, por lo cual, si bien la mayor\u00eda de las disposiciones que se mencionan se refieren a normas actualmente vigentes, tambi\u00e9n pueden aparecer algunas &hellip; Mayor valor pertenencia minera (Art. 17 N\u00ba8 letra c) I.N.R.) Leer m\u00e1s &raquo;\" \/>\n<meta property=\"og:url\" content=\"https:\/\/www.portatax.cl\/mineria\/mayor-valor-pertenencia-minera-art-17-no8-letra-c-i-n-r\/\" \/>\n<meta property=\"og:site_name\" content=\"Portatax\" \/>\n<meta property=\"article:modified_time\" content=\"2023-12-06T19:47:14+00:00\" \/>\n<meta property=\"og:image\" content=\"https:\/\/www.portatax.cl\/mineria\/wp-content\/uploads\/2021\/04\/mina-11-1024x576.jpeg\" \/>\n<meta name=\"twitter:card\" content=\"summary_large_image\" \/>\n<meta name=\"twitter:label1\" content=\"Tiempo de lectura\" \/>\n\t<meta name=\"twitter:data1\" content=\"3 minutos\" \/>\n<script type=\"application\/ld+json\" class=\"yoast-schema-graph\">{\"@context\":\"https:\/\/schema.org\",\"@graph\":[{\"@type\":\"WebPage\",\"@id\":\"https:\/\/www.portatax.cl\/mineria\/mayor-valor-pertenencia-minera-art-17-no8-letra-c-i-n-r\/\",\"url\":\"https:\/\/www.portatax.cl\/mineria\/mayor-valor-pertenencia-minera-art-17-no8-letra-c-i-n-r\/\",\"name\":\"Mayor valor pertenencia minera (Art. 17 N\u00ba8 letra c) I.N.R.) - Portatax\",\"isPartOf\":{\"@id\":\"https:\/\/www.portatax.cl\/mineria\/#website\"},\"datePublished\":\"2023-10-24T18:32:55+00:00\",\"dateModified\":\"2023-12-06T19:47:14+00:00\",\"breadcrumb\":{\"@id\":\"https:\/\/www.portatax.cl\/mineria\/mayor-valor-pertenencia-minera-art-17-no8-letra-c-i-n-r\/#breadcrumb\"},\"inLanguage\":\"es\",\"potentialAction\":[{\"@type\":\"ReadAction\",\"target\":[\"https:\/\/www.portatax.cl\/mineria\/mayor-valor-pertenencia-minera-art-17-no8-letra-c-i-n-r\/\"]}]},{\"@type\":\"BreadcrumbList\",\"@id\":\"https:\/\/www.portatax.cl\/mineria\/mayor-valor-pertenencia-minera-art-17-no8-letra-c-i-n-r\/#breadcrumb\",\"itemListElement\":[{\"@type\":\"ListItem\",\"position\":1,\"name\":\"Portada\",\"item\":\"https:\/\/www.portatax.cl\/mineria\/\"},{\"@type\":\"ListItem\",\"position\":2,\"name\":\"Mayor valor pertenencia minera (Art. 17 N\u00ba8 letra c) I.N.R.)\"}]},{\"@type\":\"WebSite\",\"@id\":\"https:\/\/www.portatax.cl\/mineria\/#website\",\"url\":\"https:\/\/www.portatax.cl\/mineria\/\",\"name\":\"Portatax\",\"description\":\"Servicios Tributarios\",\"publisher\":{\"@id\":\"https:\/\/www.portatax.cl\/mineria\/#organization\"},\"potentialAction\":[{\"@type\":\"SearchAction\",\"target\":{\"@type\":\"EntryPoint\",\"urlTemplate\":\"https:\/\/www.portatax.cl\/mineria\/?s={search_term_string}\"},\"query-input\":\"required name=search_term_string\"}],\"inLanguage\":\"es\"},{\"@type\":\"Organization\",\"@id\":\"https:\/\/www.portatax.cl\/mineria\/#organization\",\"name\":\"Portatax\",\"url\":\"https:\/\/www.portatax.cl\/mineria\/\",\"logo\":{\"@type\":\"ImageObject\",\"inLanguage\":\"es\",\"@id\":\"https:\/\/www.portatax.cl\/mineria\/#\/schema\/logo\/image\/\",\"url\":\"https:\/\/www.portatax.cl\/mineria\/wp-content\/uploads\/2021\/03\/Logo-Porta-Tax-2.png\",\"contentUrl\":\"https:\/\/www.portatax.cl\/mineria\/wp-content\/uploads\/2021\/03\/Logo-Porta-Tax-2.png\",\"width\":250,\"height\":83,\"caption\":\"Portatax\"},\"image\":{\"@id\":\"https:\/\/www.portatax.cl\/mineria\/#\/schema\/logo\/image\/\"}}]}<\/script>\n<!-- \/ Yoast SEO plugin. -->","yoast_head_json":{"title":"Mayor valor pertenencia minera (Art. 17 N\u00ba8 letra c) I.N.R.) - Portatax","robots":{"index":"index","follow":"follow","max-snippet":"max-snippet:-1","max-image-preview":"max-image-preview:large","max-video-preview":"max-video-preview:-1"},"canonical":"https:\/\/www.portatax.cl\/mineria\/mayor-valor-pertenencia-minera-art-17-no8-letra-c-i-n-r\/","og_locale":"es_ES","og_type":"article","og_title":"Mayor valor pertenencia minera (Art. 17 N\u00ba8 letra c) I.N.R.) - Portatax","og_description":"Mayor valor pertenencia minera (Art. 17 N\u00ba8 letra c) I.N.R.) \u201cEsta secci\u00f3n contiene una recopilaci\u00f3n hist\u00f3rica de las principales instrucciones del Servicio de Impuestos Internos de Chile, en materia de tributaci\u00f3n minera, por lo cual, si bien la mayor\u00eda de las disposiciones que se mencionan se refieren a normas actualmente vigentes, tambi\u00e9n pueden aparecer algunas &hellip; Mayor valor pertenencia minera (Art. 17 N\u00ba8 letra c) I.N.R.) Leer m\u00e1s &raquo;","og_url":"https:\/\/www.portatax.cl\/mineria\/mayor-valor-pertenencia-minera-art-17-no8-letra-c-i-n-r\/","og_site_name":"Portatax","article_modified_time":"2023-12-06T19:47:14+00:00","og_image":[{"url":"https:\/\/www.portatax.cl\/mineria\/wp-content\/uploads\/2021\/04\/mina-11-1024x576.jpeg"}],"twitter_card":"summary_large_image","twitter_misc":{"Tiempo de lectura":"3 minutos"},"schema":{"@context":"https:\/\/schema.org","@graph":[{"@type":"WebPage","@id":"https:\/\/www.portatax.cl\/mineria\/mayor-valor-pertenencia-minera-art-17-no8-letra-c-i-n-r\/","url":"https:\/\/www.portatax.cl\/mineria\/mayor-valor-pertenencia-minera-art-17-no8-letra-c-i-n-r\/","name":"Mayor valor pertenencia minera (Art. 17 N\u00ba8 letra c) I.N.R.) - Portatax","isPartOf":{"@id":"https:\/\/www.portatax.cl\/mineria\/#website"},"datePublished":"2023-10-24T18:32:55+00:00","dateModified":"2023-12-06T19:47:14+00:00","breadcrumb":{"@id":"https:\/\/www.portatax.cl\/mineria\/mayor-valor-pertenencia-minera-art-17-no8-letra-c-i-n-r\/#breadcrumb"},"inLanguage":"es","potentialAction":[{"@type":"ReadAction","target":["https:\/\/www.portatax.cl\/mineria\/mayor-valor-pertenencia-minera-art-17-no8-letra-c-i-n-r\/"]}]},{"@type":"BreadcrumbList","@id":"https:\/\/www.portatax.cl\/mineria\/mayor-valor-pertenencia-minera-art-17-no8-letra-c-i-n-r\/#breadcrumb","itemListElement":[{"@type":"ListItem","position":1,"name":"Portada","item":"https:\/\/www.portatax.cl\/mineria\/"},{"@type":"ListItem","position":2,"name":"Mayor valor pertenencia minera (Art. 17 N\u00ba8 letra c) I.N.R.)"}]},{"@type":"WebSite","@id":"https:\/\/www.portatax.cl\/mineria\/#website","url":"https:\/\/www.portatax.cl\/mineria\/","name":"Portatax","description":"Servicios Tributarios","publisher":{"@id":"https:\/\/www.portatax.cl\/mineria\/#organization"},"potentialAction":[{"@type":"SearchAction","target":{"@type":"EntryPoint","urlTemplate":"https:\/\/www.portatax.cl\/mineria\/?s={search_term_string}"},"query-input":"required name=search_term_string"}],"inLanguage":"es"},{"@type":"Organization","@id":"https:\/\/www.portatax.cl\/mineria\/#organization","name":"Portatax","url":"https:\/\/www.portatax.cl\/mineria\/","logo":{"@type":"ImageObject","inLanguage":"es","@id":"https:\/\/www.portatax.cl\/mineria\/#\/schema\/logo\/image\/","url":"https:\/\/www.portatax.cl\/mineria\/wp-content\/uploads\/2021\/03\/Logo-Porta-Tax-2.png","contentUrl":"https:\/\/www.portatax.cl\/mineria\/wp-content\/uploads\/2021\/03\/Logo-Porta-Tax-2.png","width":250,"height":83,"caption":"Portatax"},"image":{"@id":"https:\/\/www.portatax.cl\/mineria\/#\/schema\/logo\/image\/"}}]}},"_links":{"self":[{"href":"https:\/\/www.portatax.cl\/mineria\/wp-json\/wp\/v2\/pages\/4274","targetHints":{"allow":["GET"]}}],"collection":[{"href":"https:\/\/www.portatax.cl\/mineria\/wp-json\/wp\/v2\/pages"}],"about":[{"href":"https:\/\/www.portatax.cl\/mineria\/wp-json\/wp\/v2\/types\/page"}],"author":[{"embeddable":true,"href":"https:\/\/www.portatax.cl\/mineria\/wp-json\/wp\/v2\/users\/2"}],"replies":[{"embeddable":true,"href":"https:\/\/www.portatax.cl\/mineria\/wp-json\/wp\/v2\/comments?post=4274"}],"version-history":[{"count":11,"href":"https:\/\/www.portatax.cl\/mineria\/wp-json\/wp\/v2\/pages\/4274\/revisions"}],"predecessor-version":[{"id":5363,"href":"https:\/\/www.portatax.cl\/mineria\/wp-json\/wp\/v2\/pages\/4274\/revisions\/5363"}],"wp:attachment":[{"href":"https:\/\/www.portatax.cl\/mineria\/wp-json\/wp\/v2\/media?parent=4274"}],"curies":[{"name":"wp","href":"https:\/\/api.w.org\/{rel}","templated":true}]}}